{"id":3118,"date":"2016-05-25T11:44:17","date_gmt":"2016-05-25T09:44:17","guid":{"rendered":"http:\/\/mayr-arbeitsrecht.de\/?page_id=3118"},"modified":"2020-08-26T17:38:01","modified_gmt":"2020-08-26T15:38:01","slug":"power-of-attorney-bilingual","status":"publish","type":"page","link":"https:\/\/www.mayr-arbeitsrecht.de\/en\/tools-documents\/power-of-attorney-bilingual\/","title":{"rendered":"Power of Attorney- bilingual"},"content":{"rendered":"<p><strong>PROZESSVOLLMACHT\/ <\/strong><span style=\"color: #808080;\"><strong>POWER OF ATTORNEY<\/strong><\/span><\/p>\n<p>MAYR Kanzlei f\u00fcr Arbeitsrecht<br \/>\nColumbiadamm 29<br \/>\n10965 Berlin<\/p>\n<p>wird uneingeschr\u00e4nkte Vollmacht zur au\u00dfergerichtlichen wie gerichtlichen Vertretung in allen Instanzen erteilt in Sachen:<br \/>\n<span style=\"color: #808080;\">has been granted authority to commence and maintain all legal proceedings and to provide representation in extrajudicial proceedings and negotiations in the case<\/span><\/p>\n<p>&nbsp;<\/p>\n<p>_________________\/________________<br \/>\nwegen:<br \/>\n<span style=\"color: #808080;\">on account of:<\/span><\/p>\n<p>__________________________________<\/p>\n<p>&nbsp;<\/p>\n<p>Diese Vollmacht umfasst, ohne dadurch andere Vertretungsbefugnisse auszuschlie\u00dfen, insbesondere auch die Befugnis<br \/>\n<span style=\"color: #808080;\">The holder of the power of attorney is entitled to represent the donor of the power of attorney and in particular<\/span><\/p>\n<p>1. Rechtsmittel aller Art einzulegen, zur\u00fcckzunehmen oder darauf zu verzichten;<\/p>\n<p style=\"padding-left: 30px;\"><span style=\"color: #808080;\">to file, withdraw or waive appeals;<\/span><\/p>\n<p>2. Widerklagen zu erheben und zur\u00fcckzunehmen;<\/p>\n<p style=\"padding-left: 30px;\"><span style=\"color: #808080;\">file or withdraw counter-claims;<\/span><\/p>\n<p>3. Zustellungen aller Art an sich bewirken zu lassen;<\/p>\n<p style=\"padding-left: 30px;\"><span style=\"color: #808080;\">to be served documents, including service of process;<\/span><\/p>\n<p>4. den Rechtsstreit durch Vergleich, Verzicht oder Anerkenntnis zu beseitigen;<\/p>\n<p style=\"padding-left: 30px;\"><span style=\"color: #808080;\">to resolve disputes and\/or out-of-court negotiations by means of settlement, resignation, or recognizance;<\/span><\/p>\n<p>5. Willenserkl\u00e4rungen, auch einseitige (zum Beispiel K\u00fcndigungen) abzugeben und einseitige Rechtsgesch\u00e4fte, insbesondere zur Begr\u00fcndung und Aufhebung von Vertragsverh\u00e4ltnissen, vorzunehmen;<\/p>\n<p style=\"padding-left: 30px;\"><span style=\"color: #808080;\">to make and accept unilateral declarations of intent (e.g. notice of termination) and to establish and terminate contractual relationships;<\/span><\/p>\n<p>6. diese Vollmacht ganz oder teilweise auf Dritte zu \u00fcbertragen;<\/p>\n<p style=\"padding-left: 30px;\"><span style=\"color: #808080;\">to assign this power of attorney in full or in part to third parties;<\/span><\/p>\n<p>7. den Vollmachtgeber in allen nach der Insolvenzordnung vorgesehenen Verfahrensarten zu vertreten und in diesem Zusammenhang s\u00e4mtliche erforderlichen Erkl\u00e4rungen abzugeben sowie die erforderlichen Handlungen vorzunehmen und Ma\u00dfnahmen zu ergreifen;<\/p>\n<p style=\"padding-left: 30px;\"><span style=\"color: #808080;\">to represent the client in all proceedings in accordance with the insolvency act, to make the necessary declarations and to take all necessary and appropriate measures;<\/span><\/p>\n<p>8. den Vollmachtgeber im Konkurs-, Vergleichs-oder Insolvenzverfahren \u00fcber das Verm\u00f6gen des Gegners, in Freigabeprozessen sowie in Interventionsprozessen zu vertreten;<\/p>\n<p style=\"padding-left: 30px;\"><span style=\"color: #808080;\">to represent the client in case of bankruptcy, through an arrangement with creditors, or through a similar procedure if insolvency proceedings are opened against the assets of the opposing party, in release proceedings and intervention proceedings;<\/span><\/p>\n<p>9. den Vollmachtgeber in allen Nebenverfahren, z. B. einstweilige Verf\u00fcgung, Arrest, Kostenfestsetzung, Zwangsvollstreckung einschlie\u00dflich daraus erwachsenen besonderen Verfahren, Zwangsversteigerung, Zwangsverwaltung und Hinterlegung zu vertreten;<\/p>\n<p style=\"padding-left: 30px;\"><span style=\"color: #808080;\">to represent the client in all kinds of ancillary and consequential procee-dings (e.g. temporary injunction, arrest, taxation of costs, execution proceedings with all resulting consequences, foreclosure, forced administration and deposit);<\/span><\/p>\n<p>10. den Streitgegenstand (Gelder, Wertpapiere, Urkunden usw.) sowie die vom Gegner, von der Justizkasse oder anderen Stellen zu erstattenden Kosten und Auslagen entgegenzunehmen sowie \u00fcber diese ohne Beschr\u00e4nkung des \u00a7 181 BGB zu verf\u00fcgen;<\/p>\n<p style=\"padding-left: 30px;\"><span style=\"color: #808080;\">to accept money, valuables and deeds, including the matter in dispute and any amounts reimbursable by the opposition, the judicial cash office or by other official agencies and to dispose there over without being subject to the limitations of \u00a7 181 of the German Civil Code (BGB);<\/span><\/p>\n<p>11. Akteneinsicht zu nehmen.<\/p>\n<p style=\"padding-left: 30px;\"><span style=\"color: #808080;\">to access court files and all related records.<\/span><\/p>\n<p>&nbsp;<\/p>\n<p>Bei Abweichungen der englischen von der deutschen Fassung dieses Dokuments ist allein die deutsche Version ausschlaggebend.<br \/>\n<span style=\"color: #808080;\">This document is the English translation of the original German version; in case of deviations between these two the German version prevails.<\/span><\/p>\n<p>Berlin, den ___.___._____<\/p>\n<p>_______________________________\u00a0\u00a0\u00a0\u00a0\u00a0\u00a0\u00a0\u00a0\u00a0\u00a0\u00a0\u00a0\u00a0\u00a0\u00a0\u00a0\u00a0\u00a0\u00a0\u00a0\u00a0 _______________________________<\/p>\n<p>Mandant \/ Client\u00a0\u00a0\u00a0\u00a0\u00a0\u00a0\u00a0\u00a0\u00a0\u00a0\u00a0\u00a0\u00a0\u00a0\u00a0\u00a0\u00a0\u00a0\u00a0\u00a0\u00a0\u00a0\u00a0\u00a0\u00a0\u00a0\u00a0\u00a0\u00a0\u00a0\u00a0\u00a0\u00a0\u00a0\u00a0\u00a0\u00a0\u00a0\u00a0\u00a0\u00a0\u00a0\u00a0\u00a0\u00a0\u00a0 MAYR Kanzlei f\u00fcr Arbeitsrecht<\/p>\n","protected":false},"excerpt":{"rendered":"<p>PROZESSVOLLMACHT\/ POWER OF ATTORNEY MAYR Kanzlei f\u00fcr Arbeitsrecht Columbiadamm 29 10965 Berlin wird uneingeschr\u00e4nkte Vollmacht zur au\u00dfergerichtlichen wie gerichtlichen Vertretung in allen Instanzen erteilt in Sachen: has been granted authority to commence and maintain all legal proceedings and to provide representation in extrajudicial proceedings and negotiations in the case &nbsp; _________________\/________________ wegen: on account of: __________________________________ &nbsp; Diese Vollmacht umfasst, [&hellip;]<\/p>\n","protected":false},"author":9,"featured_media":0,"parent":751,"menu_order":1,"comment_status":"closed","ping_status":"closed","template":"","meta":{"_acf_changed":false,"footnotes":""},"class_list":["post-3118","page","type-page","status-publish","hentry"],"acf":[],"yoast_head":"<!-- This site is optimized with the Yoast SEO Premium plugin v24.2 (Yoast SEO v27.5) - https:\/\/yoast.com\/product\/yoast-seo-premium-wordpress\/ -->\n<title>Power of Attorney- bilingual | MAYR Arbeitsrecht<\/title>\n<meta name=\"description\" content=\"Power of Attorney- bilingual\" \/>\n<meta name=\"robots\" content=\"index, follow, max-snippet:-1, max-image-preview:large, max-video-preview:-1\" \/>\n<link rel=\"canonical\" href=\"https:\/\/www.mayr-arbeitsrecht.de\/en\/tools-documents\/power-of-attorney-bilingual\/\" \/>\n<meta property=\"og:locale\" content=\"en_US\" \/>\n<meta property=\"og:type\" content=\"article\" \/>\n<meta property=\"og:title\" content=\"Power of Attorney- bilingual\" \/>\n<meta property=\"og:description\" content=\"Power of Attorney- bilingual\" \/>\n<meta property=\"og:url\" content=\"https:\/\/www.mayr-arbeitsrecht.de\/en\/tools-documents\/power-of-attorney-bilingual\/\" \/>\n<meta property=\"og:site_name\" content=\"Mayr - Kanzlei f\u00fcr Arbeitsrecht\" \/>\n<meta property=\"article:publisher\" content=\"https:\/\/www.facebook.com\/MAYR-Kanzlei-fr-Arbeitsrecht-216228398402465\/\" \/>\n<meta property=\"article:modified_time\" content=\"2020-08-26T15:38:01+00:00\" \/>\n<meta property=\"og:image\" content=\"https:\/\/www.mayr-arbeitsrecht.de\/wp-content\/uploads\/2018\/08\/MAYR_Social-Media.jpg\" \/>\n<meta name=\"twitter:card\" content=\"summary_large_image\" \/>\n<meta name=\"twitter:site\" content=\"@mayrarbeitsrech\" \/>\n<meta name=\"twitter:label1\" content=\"Est. reading time\" \/>\n\t<meta name=\"twitter:data1\" content=\"3 minutes\" \/>\n<script type=\"application\/ld+json\" class=\"yoast-schema-graph\">{\"@context\":\"https:\\\/\\\/schema.org\",\"@graph\":[{\"@type\":\"WebPage\",\"@id\":\"https:\\\/\\\/www.mayr-arbeitsrecht.de\\\/en\\\/tools-documents\\\/power-of-attorney-bilingual\\\/\",\"url\":\"https:\\\/\\\/www.mayr-arbeitsrecht.de\\\/en\\\/tools-documents\\\/power-of-attorney-bilingual\\\/\",\"name\":\"Power of Attorney- bilingual | MAYR Arbeitsrecht\",\"isPartOf\":{\"@id\":\"https:\\\/\\\/www.mayr-arbeitsrecht.de\\\/#website\"},\"datePublished\":\"2016-05-25T09:44:17+00:00\",\"dateModified\":\"2020-08-26T15:38:01+00:00\",\"description\":\"Power of Attorney- bilingual\",\"breadcrumb\":{\"@id\":\"https:\\\/\\\/www.mayr-arbeitsrecht.de\\\/en\\\/tools-documents\\\/power-of-attorney-bilingual\\\/#breadcrumb\"},\"inLanguage\":\"en-US\",\"potentialAction\":[{\"@type\":\"ReadAction\",\"target\":[\"https:\\\/\\\/www.mayr-arbeitsrecht.de\\\/en\\\/tools-documents\\\/power-of-attorney-bilingual\\\/\"]}]},{\"@type\":\"BreadcrumbList\",\"@id\":\"https:\\\/\\\/www.mayr-arbeitsrecht.de\\\/en\\\/tools-documents\\\/power-of-attorney-bilingual\\\/#breadcrumb\",\"itemListElement\":[{\"@type\":\"ListItem\",\"position\":1,\"name\":\"Home\",\"item\":\"https:\\\/\\\/www.mayr-arbeitsrecht.de\\\/en\\\/\"},{\"@type\":\"ListItem\",\"position\":2,\"name\":\"Tools &#038; Documents\",\"item\":\"https:\\\/\\\/www.mayr-arbeitsrecht.de\\\/en\\\/tools-documents\\\/\"},{\"@type\":\"ListItem\",\"position\":3,\"name\":\"Power of Attorney- bilingual\"}]},{\"@type\":\"WebSite\",\"@id\":\"https:\\\/\\\/www.mayr-arbeitsrecht.de\\\/#website\",\"url\":\"https:\\\/\\\/www.mayr-arbeitsrecht.de\\\/\",\"name\":\"Mayr - Kanzlei f\u00fcr Arbeitsrecht\",\"description\":\"\",\"publisher\":{\"@id\":\"https:\\\/\\\/www.mayr-arbeitsrecht.de\\\/#organization\"},\"potentialAction\":[{\"@type\":\"SearchAction\",\"target\":{\"@type\":\"EntryPoint\",\"urlTemplate\":\"https:\\\/\\\/www.mayr-arbeitsrecht.de\\\/?s={search_term_string}\"},\"query-input\":{\"@type\":\"PropertyValueSpecification\",\"valueRequired\":true,\"valueName\":\"search_term_string\"}}],\"inLanguage\":\"en-US\"},{\"@type\":\"Organization\",\"@id\":\"https:\\\/\\\/www.mayr-arbeitsrecht.de\\\/#organization\",\"name\":\"Mayr - Kanzlei f\u00fcr Arbeitsrecht\",\"url\":\"https:\\\/\\\/www.mayr-arbeitsrecht.de\\\/\",\"logo\":{\"@type\":\"ImageObject\",\"inLanguage\":\"en-US\",\"@id\":\"https:\\\/\\\/www.mayr-arbeitsrecht.de\\\/#\\\/schema\\\/logo\\\/image\\\/\",\"url\":\"https:\\\/\\\/www.mayr-arbeitsrecht.de\\\/wp-content\\\/uploads\\\/2025\\\/01\\\/mayr_logo.png\",\"contentUrl\":\"https:\\\/\\\/www.mayr-arbeitsrecht.de\\\/wp-content\\\/uploads\\\/2025\\\/01\\\/mayr_logo.png\",\"width\":558,\"height\":67,\"caption\":\"Mayr - Kanzlei f\u00fcr Arbeitsrecht\"},\"image\":{\"@id\":\"https:\\\/\\\/www.mayr-arbeitsrecht.de\\\/#\\\/schema\\\/logo\\\/image\\\/\"},\"sameAs\":[\"https:\\\/\\\/www.facebook.com\\\/MAYR-Kanzlei-fr-Arbeitsrecht-216228398402465\\\/\",\"https:\\\/\\\/x.com\\\/mayrarbeitsrech\",\"https:\\\/\\\/www.instagram.com\\\/mayrarbeitsrecht\\\/?hl=de\",\"https:\\\/\\\/de.linkedin.com\\\/company\\\/mayr-kanzlei-fr-arbeitsrecht\",\"https:\\\/\\\/www.xing.com\\\/companies\\\/mayrkanzleifrarbeitsrecht\"]}]}<\/script>\n<!-- \/ Yoast SEO Premium plugin. -->","yoast_head_json":{"title":"Power of Attorney- bilingual | MAYR Arbeitsrecht","description":"Power of Attorney- bilingual","robots":{"index":"index","follow":"follow","max-snippet":"max-snippet:-1","max-image-preview":"max-image-preview:large","max-video-preview":"max-video-preview:-1"},"canonical":"https:\/\/www.mayr-arbeitsrecht.de\/en\/tools-documents\/power-of-attorney-bilingual\/","og_locale":"en_US","og_type":"article","og_title":"Power of Attorney- bilingual","og_description":"Power of Attorney- bilingual","og_url":"https:\/\/www.mayr-arbeitsrecht.de\/en\/tools-documents\/power-of-attorney-bilingual\/","og_site_name":"Mayr - Kanzlei f\u00fcr Arbeitsrecht","article_publisher":"https:\/\/www.facebook.com\/MAYR-Kanzlei-fr-Arbeitsrecht-216228398402465\/","article_modified_time":"2020-08-26T15:38:01+00:00","og_image":[{"url":"https:\/\/www.mayr-arbeitsrecht.de\/wp-content\/uploads\/2018\/08\/MAYR_Social-Media.jpg","type":"","width":"","height":""}],"twitter_card":"summary_large_image","twitter_site":"@mayrarbeitsrech","twitter_misc":{"Est. reading time":"3 minutes"},"schema":{"@context":"https:\/\/schema.org","@graph":[{"@type":"WebPage","@id":"https:\/\/www.mayr-arbeitsrecht.de\/en\/tools-documents\/power-of-attorney-bilingual\/","url":"https:\/\/www.mayr-arbeitsrecht.de\/en\/tools-documents\/power-of-attorney-bilingual\/","name":"Power of Attorney- bilingual | MAYR Arbeitsrecht","isPartOf":{"@id":"https:\/\/www.mayr-arbeitsrecht.de\/#website"},"datePublished":"2016-05-25T09:44:17+00:00","dateModified":"2020-08-26T15:38:01+00:00","description":"Power of Attorney- bilingual","breadcrumb":{"@id":"https:\/\/www.mayr-arbeitsrecht.de\/en\/tools-documents\/power-of-attorney-bilingual\/#breadcrumb"},"inLanguage":"en-US","potentialAction":[{"@type":"ReadAction","target":["https:\/\/www.mayr-arbeitsrecht.de\/en\/tools-documents\/power-of-attorney-bilingual\/"]}]},{"@type":"BreadcrumbList","@id":"https:\/\/www.mayr-arbeitsrecht.de\/en\/tools-documents\/power-of-attorney-bilingual\/#breadcrumb","itemListElement":[{"@type":"ListItem","position":1,"name":"Home","item":"https:\/\/www.mayr-arbeitsrecht.de\/en\/"},{"@type":"ListItem","position":2,"name":"Tools &#038; Documents","item":"https:\/\/www.mayr-arbeitsrecht.de\/en\/tools-documents\/"},{"@type":"ListItem","position":3,"name":"Power of Attorney- bilingual"}]},{"@type":"WebSite","@id":"https:\/\/www.mayr-arbeitsrecht.de\/#website","url":"https:\/\/www.mayr-arbeitsrecht.de\/","name":"Mayr - Kanzlei f\u00fcr Arbeitsrecht","description":"","publisher":{"@id":"https:\/\/www.mayr-arbeitsrecht.de\/#organization"},"potentialAction":[{"@type":"SearchAction","target":{"@type":"EntryPoint","urlTemplate":"https:\/\/www.mayr-arbeitsrecht.de\/?s={search_term_string}"},"query-input":{"@type":"PropertyValueSpecification","valueRequired":true,"valueName":"search_term_string"}}],"inLanguage":"en-US"},{"@type":"Organization","@id":"https:\/\/www.mayr-arbeitsrecht.de\/#organization","name":"Mayr - Kanzlei f\u00fcr Arbeitsrecht","url":"https:\/\/www.mayr-arbeitsrecht.de\/","logo":{"@type":"ImageObject","inLanguage":"en-US","@id":"https:\/\/www.mayr-arbeitsrecht.de\/#\/schema\/logo\/image\/","url":"https:\/\/www.mayr-arbeitsrecht.de\/wp-content\/uploads\/2025\/01\/mayr_logo.png","contentUrl":"https:\/\/www.mayr-arbeitsrecht.de\/wp-content\/uploads\/2025\/01\/mayr_logo.png","width":558,"height":67,"caption":"Mayr - Kanzlei f\u00fcr Arbeitsrecht"},"image":{"@id":"https:\/\/www.mayr-arbeitsrecht.de\/#\/schema\/logo\/image\/"},"sameAs":["https:\/\/www.facebook.com\/MAYR-Kanzlei-fr-Arbeitsrecht-216228398402465\/","https:\/\/x.com\/mayrarbeitsrech","https:\/\/www.instagram.com\/mayrarbeitsrecht\/?hl=de","https:\/\/de.linkedin.com\/company\/mayr-kanzlei-fr-arbeitsrecht","https:\/\/www.xing.com\/companies\/mayrkanzleifrarbeitsrecht"]}]}},"_links":{"self":[{"href":"https:\/\/www.mayr-arbeitsrecht.de\/en\/wp-json\/wp\/v2\/pages\/3118","targetHints":{"allow":["GET"]}}],"collection":[{"href":"https:\/\/www.mayr-arbeitsrecht.de\/en\/wp-json\/wp\/v2\/pages"}],"about":[{"href":"https:\/\/www.mayr-arbeitsrecht.de\/en\/wp-json\/wp\/v2\/types\/page"}],"author":[{"embeddable":true,"href":"https:\/\/www.mayr-arbeitsrecht.de\/en\/wp-json\/wp\/v2\/users\/9"}],"replies":[{"embeddable":true,"href":"https:\/\/www.mayr-arbeitsrecht.de\/en\/wp-json\/wp\/v2\/comments?post=3118"}],"version-history":[{"count":11,"href":"https:\/\/www.mayr-arbeitsrecht.de\/en\/wp-json\/wp\/v2\/pages\/3118\/revisions"}],"predecessor-version":[{"id":6777,"href":"https:\/\/www.mayr-arbeitsrecht.de\/en\/wp-json\/wp\/v2\/pages\/3118\/revisions\/6777"}],"up":[{"embeddable":true,"href":"https:\/\/www.mayr-arbeitsrecht.de\/en\/wp-json\/wp\/v2\/pages\/751"}],"wp:attachment":[{"href":"https:\/\/www.mayr-arbeitsrecht.de\/en\/wp-json\/wp\/v2\/media?parent=3118"}],"curies":[{"name":"wp","href":"https:\/\/api.w.org\/{rel}","templated":true}]}}