{"id":24792,"date":"2024-09-26T13:22:36","date_gmt":"2024-09-26T11:22:49","guid":{"rendered":"https:\/\/www.mayr-arbeitsrecht.de\/services\/hinweisgeberschutz-fuer-arbeitgeber\/"},"modified":"2024-11-05T14:41:43","modified_gmt":"2024-11-05T13:41:43","slug":"hinweisgeberschutz-fuer-arbeitgeber","status":"publish","type":"page","link":"https:\/\/www.mayr-arbeitsrecht.de\/en\/services\/hinweisgeberschutz-fuer-arbeitgeber\/","title":{"rendered":"Hinweisgeberschutz f\u00fcr Unternehmen, Verb\u00e4nde, NGO\u00b4s und Vereine"},"content":{"rendered":"<div id=\"c53\" class=\"csc-default\">\n<p>Mit dem Hinweisgeberschutzgesetz (HinSchG) sind Arbeitgebende verpflichtet, sichere Meldekan\u00e4le f\u00fcr Whistleblower einzurichten, um Gesetzes- und Regelverst\u00f6\u00dfe zu melden. Ein funktionierendes Hinweisgebersystem sch\u00fctzt Ihr Unternehmen nicht nur vor rechtlichen Konsequenzen, sondern st\u00e4rkt auch das Vertrauen Ihrer Mitarbeitenden und Gesch\u00e4ftspartner.<\/p>\n<p>Unsere Kanzlei \u00fcbernimmt als externe Meldestelle diese Aufgabe f\u00fcr Sie. Wir bieten ma\u00dfgeschneiderte Hinweisgebersysteme, die die Anforderungen des Hinweisgeberschutzes erf\u00fcllen und Hinweisgebende vor Repressalien sch\u00fctzen. Vertrauen Sie auf unsere Expertise, um Risiken fr\u00fchzeitig zu erkennen und Ma\u00dfnahmen zu ergreifen.<\/p>\n<p>Setzen Sie auf uns als unabh\u00e4ngige Vertrauensanw\u00e4lte. Wir bieten eine diskrete und sichere Anlaufstelle f\u00fcr Hinweisgebende. Das hilft Ihnen, Bu\u00dfgelder, Reputationssch\u00e4den und rechtliche Risiken zu vermeiden. Sie zeigen aber auch Ihre Verantwortung und st\u00e4rken ihre Unternehmenskultur.<\/p>\n<\/div>\n","protected":false},"excerpt":{"rendered":"<p>Mit dem Hinweisgeberschutzgesetz (HinSchG) sind Arbeitgebende verpflichtet, sichere Meldekan\u00e4le f\u00fcr Whistleblower einzurichten, um Gesetzes- und Regelverst\u00f6\u00dfe zu melden. Ein funktionierendes Hinweisgebersystem sch\u00fctzt Ihr Unternehmen nicht nur vor rechtlichen Konsequenzen, sondern st\u00e4rkt auch das Vertrauen Ihrer Mitarbeitenden und Gesch\u00e4ftspartner. Unsere Kanzlei \u00fcbernimmt als externe Meldestelle diese Aufgabe f\u00fcr Sie. Wir bieten ma\u00dfgeschneiderte Hinweisgebersysteme, die die Anforderungen des Hinweisgeberschutzes erf\u00fcllen und Hinweisgebende [&hellip;]<\/p>\n","protected":false},"author":21,"featured_media":0,"parent":6739,"menu_order":0,"comment_status":"closed","ping_status":"closed","template":"","meta":{"_acf_changed":false,"footnotes":""},"class_list":["post-24792","page","type-page","status-publish","hentry"],"acf":[],"yoast_head":"<!-- This site is optimized with the Yoast SEO Premium plugin v24.2 (Yoast SEO v27.5) - https:\/\/yoast.com\/product\/yoast-seo-premium-wordpress\/ -->\n<title>Arbeitsrecht f\u00fcr Betriebsr\u00e4te | MAYR Arbeitsrecht<\/title>\n<meta name=\"description\" content=\"Hinweisgeberschutz f\u00fcr Unternehmen, Verb\u00e4nde, NGO\u00b4s und Vereine\" \/>\n<meta name=\"robots\" content=\"index, follow, max-snippet:-1, max-image-preview:large, max-video-preview:-1\" \/>\n<link rel=\"canonical\" href=\"https:\/\/www.mayr-arbeitsrecht.de\/en\/services\/hinweisgeberschutz-fuer-arbeitgeber\/\" \/>\n<meta property=\"og:locale\" content=\"en_US\" \/>\n<meta property=\"og:type\" content=\"article\" \/>\n<meta property=\"og:title\" content=\"Hinweisgeberschutz f\u00fcr Unternehmen, Verb\u00e4nde, NGO\u00b4s und Vereine\" \/>\n<meta property=\"og:description\" content=\"Hinweisgeberschutz f\u00fcr Unternehmen, Verb\u00e4nde, NGO\u00b4s und Vereine\" \/>\n<meta property=\"og:url\" content=\"https:\/\/www.mayr-arbeitsrecht.de\/en\/services\/hinweisgeberschutz-fuer-arbeitgeber\/\" \/>\n<meta property=\"og:site_name\" content=\"Mayr - Kanzlei f\u00fcr Arbeitsrecht\" \/>\n<meta property=\"article:publisher\" content=\"https:\/\/www.facebook.com\/MAYR-Kanzlei-fr-Arbeitsrecht-216228398402465\/\" \/>\n<meta property=\"article:modified_time\" content=\"2024-11-05T13:41:43+00:00\" \/>\n<meta property=\"og:image\" content=\"https:\/\/www.mayr-arbeitsrecht.de\/wp-content\/uploads\/2018\/08\/MAYR_Social-Media.jpg\" \/>\n<meta name=\"twitter:card\" content=\"summary_large_image\" \/>\n<meta name=\"twitter:site\" content=\"@mayrarbeitsrech\" \/>\n<meta name=\"twitter:label1\" content=\"Est. reading time\" \/>\n\t<meta name=\"twitter:data1\" content=\"1 minute\" \/>\n<script type=\"application\/ld+json\" class=\"yoast-schema-graph\">{\"@context\":\"https:\\\/\\\/schema.org\",\"@graph\":[{\"@type\":\"WebPage\",\"@id\":\"https:\\\/\\\/www.mayr-arbeitsrecht.de\\\/en\\\/services\\\/hinweisgeberschutz-fuer-arbeitgeber\\\/\",\"url\":\"https:\\\/\\\/www.mayr-arbeitsrecht.de\\\/en\\\/services\\\/hinweisgeberschutz-fuer-arbeitgeber\\\/\",\"name\":\"Arbeitsrecht f\u00fcr Betriebsr\u00e4te | MAYR Arbeitsrecht\",\"isPartOf\":{\"@id\":\"https:\\\/\\\/www.mayr-arbeitsrecht.de\\\/#website\"},\"datePublished\":\"2024-09-26T11:22:49+00:00\",\"dateModified\":\"2024-11-05T13:41:43+00:00\",\"description\":\"Hinweisgeberschutz f\u00fcr Unternehmen, Verb\u00e4nde, NGO\u00b4s und Vereine\",\"breadcrumb\":{\"@id\":\"https:\\\/\\\/www.mayr-arbeitsrecht.de\\\/en\\\/services\\\/hinweisgeberschutz-fuer-arbeitgeber\\\/#breadcrumb\"},\"inLanguage\":\"en-US\",\"potentialAction\":[{\"@type\":\"ReadAction\",\"target\":[\"https:\\\/\\\/www.mayr-arbeitsrecht.de\\\/en\\\/services\\\/hinweisgeberschutz-fuer-arbeitgeber\\\/\"]}]},{\"@type\":\"BreadcrumbList\",\"@id\":\"https:\\\/\\\/www.mayr-arbeitsrecht.de\\\/en\\\/services\\\/hinweisgeberschutz-fuer-arbeitgeber\\\/#breadcrumb\",\"itemListElement\":[{\"@type\":\"ListItem\",\"position\":1,\"name\":\"Home\",\"item\":\"https:\\\/\\\/www.mayr-arbeitsrecht.de\\\/en\\\/\"},{\"@type\":\"ListItem\",\"position\":2,\"name\":\"Services\",\"item\":\"https:\\\/\\\/www.mayr-arbeitsrecht.de\\\/en\\\/services\\\/\"},{\"@type\":\"ListItem\",\"position\":3,\"name\":\"Hinweisgeberschutz f\u00fcr Unternehmen, Verb\u00e4nde, NGO\u00b4s und Vereine\"}]},{\"@type\":\"WebSite\",\"@id\":\"https:\\\/\\\/www.mayr-arbeitsrecht.de\\\/#website\",\"url\":\"https:\\\/\\\/www.mayr-arbeitsrecht.de\\\/\",\"name\":\"Mayr - Kanzlei f\u00fcr Arbeitsrecht\",\"description\":\"\",\"publisher\":{\"@id\":\"https:\\\/\\\/www.mayr-arbeitsrecht.de\\\/#organization\"},\"potentialAction\":[{\"@type\":\"SearchAction\",\"target\":{\"@type\":\"EntryPoint\",\"urlTemplate\":\"https:\\\/\\\/www.mayr-arbeitsrecht.de\\\/?s={search_term_string}\"},\"query-input\":{\"@type\":\"PropertyValueSpecification\",\"valueRequired\":true,\"valueName\":\"search_term_string\"}}],\"inLanguage\":\"en-US\"},{\"@type\":\"Organization\",\"@id\":\"https:\\\/\\\/www.mayr-arbeitsrecht.de\\\/#organization\",\"name\":\"Mayr - Kanzlei f\u00fcr Arbeitsrecht\",\"url\":\"https:\\\/\\\/www.mayr-arbeitsrecht.de\\\/\",\"logo\":{\"@type\":\"ImageObject\",\"inLanguage\":\"en-US\",\"@id\":\"https:\\\/\\\/www.mayr-arbeitsrecht.de\\\/#\\\/schema\\\/logo\\\/image\\\/\",\"url\":\"https:\\\/\\\/www.mayr-arbeitsrecht.de\\\/wp-content\\\/uploads\\\/2025\\\/01\\\/mayr_logo.png\",\"contentUrl\":\"https:\\\/\\\/www.mayr-arbeitsrecht.de\\\/wp-content\\\/uploads\\\/2025\\\/01\\\/mayr_logo.png\",\"width\":558,\"height\":67,\"caption\":\"Mayr - Kanzlei f\u00fcr Arbeitsrecht\"},\"image\":{\"@id\":\"https:\\\/\\\/www.mayr-arbeitsrecht.de\\\/#\\\/schema\\\/logo\\\/image\\\/\"},\"sameAs\":[\"https:\\\/\\\/www.facebook.com\\\/MAYR-Kanzlei-fr-Arbeitsrecht-216228398402465\\\/\",\"https:\\\/\\\/x.com\\\/mayrarbeitsrech\",\"https:\\\/\\\/www.instagram.com\\\/mayrarbeitsrecht\\\/?hl=de\",\"https:\\\/\\\/de.linkedin.com\\\/company\\\/mayr-kanzlei-fr-arbeitsrecht\",\"https:\\\/\\\/www.xing.com\\\/companies\\\/mayrkanzleifrarbeitsrecht\"]}]}<\/script>\n<!-- \/ Yoast SEO Premium plugin. -->","yoast_head_json":{"title":"Arbeitsrecht f\u00fcr Betriebsr\u00e4te | MAYR Arbeitsrecht","description":"Hinweisgeberschutz f\u00fcr Unternehmen, Verb\u00e4nde, NGO\u00b4s und Vereine","robots":{"index":"index","follow":"follow","max-snippet":"max-snippet:-1","max-image-preview":"max-image-preview:large","max-video-preview":"max-video-preview:-1"},"canonical":"https:\/\/www.mayr-arbeitsrecht.de\/en\/services\/hinweisgeberschutz-fuer-arbeitgeber\/","og_locale":"en_US","og_type":"article","og_title":"Hinweisgeberschutz f\u00fcr Unternehmen, Verb\u00e4nde, NGO\u00b4s und Vereine","og_description":"Hinweisgeberschutz f\u00fcr Unternehmen, Verb\u00e4nde, NGO\u00b4s und Vereine","og_url":"https:\/\/www.mayr-arbeitsrecht.de\/en\/services\/hinweisgeberschutz-fuer-arbeitgeber\/","og_site_name":"Mayr - Kanzlei f\u00fcr Arbeitsrecht","article_publisher":"https:\/\/www.facebook.com\/MAYR-Kanzlei-fr-Arbeitsrecht-216228398402465\/","article_modified_time":"2024-11-05T13:41:43+00:00","og_image":[{"url":"https:\/\/www.mayr-arbeitsrecht.de\/wp-content\/uploads\/2018\/08\/MAYR_Social-Media.jpg","type":"","width":"","height":""}],"twitter_card":"summary_large_image","twitter_site":"@mayrarbeitsrech","twitter_misc":{"Est. reading time":"1 minute"},"schema":{"@context":"https:\/\/schema.org","@graph":[{"@type":"WebPage","@id":"https:\/\/www.mayr-arbeitsrecht.de\/en\/services\/hinweisgeberschutz-fuer-arbeitgeber\/","url":"https:\/\/www.mayr-arbeitsrecht.de\/en\/services\/hinweisgeberschutz-fuer-arbeitgeber\/","name":"Arbeitsrecht f\u00fcr Betriebsr\u00e4te | MAYR Arbeitsrecht","isPartOf":{"@id":"https:\/\/www.mayr-arbeitsrecht.de\/#website"},"datePublished":"2024-09-26T11:22:49+00:00","dateModified":"2024-11-05T13:41:43+00:00","description":"Hinweisgeberschutz f\u00fcr Unternehmen, Verb\u00e4nde, NGO\u00b4s und Vereine","breadcrumb":{"@id":"https:\/\/www.mayr-arbeitsrecht.de\/en\/services\/hinweisgeberschutz-fuer-arbeitgeber\/#breadcrumb"},"inLanguage":"en-US","potentialAction":[{"@type":"ReadAction","target":["https:\/\/www.mayr-arbeitsrecht.de\/en\/services\/hinweisgeberschutz-fuer-arbeitgeber\/"]}]},{"@type":"BreadcrumbList","@id":"https:\/\/www.mayr-arbeitsrecht.de\/en\/services\/hinweisgeberschutz-fuer-arbeitgeber\/#breadcrumb","itemListElement":[{"@type":"ListItem","position":1,"name":"Home","item":"https:\/\/www.mayr-arbeitsrecht.de\/en\/"},{"@type":"ListItem","position":2,"name":"Services","item":"https:\/\/www.mayr-arbeitsrecht.de\/en\/services\/"},{"@type":"ListItem","position":3,"name":"Hinweisgeberschutz f\u00fcr Unternehmen, Verb\u00e4nde, NGO\u00b4s und Vereine"}]},{"@type":"WebSite","@id":"https:\/\/www.mayr-arbeitsrecht.de\/#website","url":"https:\/\/www.mayr-arbeitsrecht.de\/","name":"Mayr - Kanzlei f\u00fcr Arbeitsrecht","description":"","publisher":{"@id":"https:\/\/www.mayr-arbeitsrecht.de\/#organization"},"potentialAction":[{"@type":"SearchAction","target":{"@type":"EntryPoint","urlTemplate":"https:\/\/www.mayr-arbeitsrecht.de\/?s={search_term_string}"},"query-input":{"@type":"PropertyValueSpecification","valueRequired":true,"valueName":"search_term_string"}}],"inLanguage":"en-US"},{"@type":"Organization","@id":"https:\/\/www.mayr-arbeitsrecht.de\/#organization","name":"Mayr - Kanzlei f\u00fcr Arbeitsrecht","url":"https:\/\/www.mayr-arbeitsrecht.de\/","logo":{"@type":"ImageObject","inLanguage":"en-US","@id":"https:\/\/www.mayr-arbeitsrecht.de\/#\/schema\/logo\/image\/","url":"https:\/\/www.mayr-arbeitsrecht.de\/wp-content\/uploads\/2025\/01\/mayr_logo.png","contentUrl":"https:\/\/www.mayr-arbeitsrecht.de\/wp-content\/uploads\/2025\/01\/mayr_logo.png","width":558,"height":67,"caption":"Mayr - Kanzlei f\u00fcr Arbeitsrecht"},"image":{"@id":"https:\/\/www.mayr-arbeitsrecht.de\/#\/schema\/logo\/image\/"},"sameAs":["https:\/\/www.facebook.com\/MAYR-Kanzlei-fr-Arbeitsrecht-216228398402465\/","https:\/\/x.com\/mayrarbeitsrech","https:\/\/www.instagram.com\/mayrarbeitsrecht\/?hl=de","https:\/\/de.linkedin.com\/company\/mayr-kanzlei-fr-arbeitsrecht","https:\/\/www.xing.com\/companies\/mayrkanzleifrarbeitsrecht"]}]}},"_links":{"self":[{"href":"https:\/\/www.mayr-arbeitsrecht.de\/en\/wp-json\/wp\/v2\/pages\/24792","targetHints":{"allow":["GET"]}}],"collection":[{"href":"https:\/\/www.mayr-arbeitsrecht.de\/en\/wp-json\/wp\/v2\/pages"}],"about":[{"href":"https:\/\/www.mayr-arbeitsrecht.de\/en\/wp-json\/wp\/v2\/types\/page"}],"author":[{"embeddable":true,"href":"https:\/\/www.mayr-arbeitsrecht.de\/en\/wp-json\/wp\/v2\/users\/21"}],"replies":[{"embeddable":true,"href":"https:\/\/www.mayr-arbeitsrecht.de\/en\/wp-json\/wp\/v2\/comments?post=24792"}],"version-history":[{"count":4,"href":"https:\/\/www.mayr-arbeitsrecht.de\/en\/wp-json\/wp\/v2\/pages\/24792\/revisions"}],"predecessor-version":[{"id":24807,"href":"https:\/\/www.mayr-arbeitsrecht.de\/en\/wp-json\/wp\/v2\/pages\/24792\/revisions\/24807"}],"up":[{"embeddable":true,"href":"https:\/\/www.mayr-arbeitsrecht.de\/en\/wp-json\/wp\/v2\/pages\/6739"}],"wp:attachment":[{"href":"https:\/\/www.mayr-arbeitsrecht.de\/en\/wp-json\/wp\/v2\/media?parent=24792"}],"curies":[{"name":"wp","href":"https:\/\/api.w.org\/{rel}","templated":true}]}}